{"id":49,"date":"2021-01-27T00:46:47","date_gmt":"2021-01-26T23:46:47","guid":{"rendered":"http:\/\/piil.org\/fam\/?page_id=49"},"modified":"2021-01-27T01:27:38","modified_gmt":"2021-01-27T00:27:38","slug":"slaegtsforskning","status":"publish","type":"page","link":"https:\/\/piil.org\/fam\/","title":{"rendered":"Sl\u00e6gtsforskning"},"content":{"rendered":"<p>Jeg begyndte at interessere mig for sl\u00e6gtsforskning, da min farfars s\u00f8ster Sigrid J\u00f8rlund d\u00f8de. Hun efterlod sig bl.a. en \u201cMindebog for Jens Piil\u201d. I den l\u00e5 der en masse gamle billeder, breve og papirer. Nogle kendte vi, andre ikke. Jeg begyndte med min far, at gennemg\u00e5 alle papirene, og f\u00e5 lavet et sl\u00e6gtstr\u00e6. S\u00e5 var grunden lagt, og arbejdet med at f\u00e5 indsamlet oplysninger kunne begynde.<br \/>\n\t\t\t\t\t\t\t\t\t\t<img decoding=\"async\" width=\"300\" height=\"297\" src=\"http:\/\/piil.org\/fam\/files\/2021\/01\/19980803_P_SIGRID_PIIL_2_2-300x297.jpg\" alt=\"\" loading=\"lazy\" srcset=\"http:\/\/piil.org\/fam\/files\/2021\/01\/19980803_P_SIGRID_PIIL_2_2-300x297.jpg 300w, http:\/\/piil.org\/fam\/files\/2021\/01\/19980803_P_SIGRID_PIIL_2_2-150x149.jpg 150w, http:\/\/piil.org\/fam\/files\/2021\/01\/19980803_P_SIGRID_PIIL_2_2-100x99.jpg 100w, http:\/\/piil.org\/fam\/files\/2021\/01\/19980803_P_SIGRID_PIIL_2_2-200x198.jpg 200w, http:\/\/piil.org\/fam\/files\/2021\/01\/19980803_P_SIGRID_PIIL_2_2.jpg 350w\" sizes=\"auto, (max-width: 300px) 100vw, 300px\" \/>\t\t\t\t\t\t\t\t\t\t\t<\/p>\n<h3>Sl\u00e6gtshistorier<\/h3>\n<p>Nogle af familiebillederne (helt tilbage til omkring 1870), kan ses p\u00e5 f\u00f8lgende link, hvor jeg ogs\u00e5 har skrvet lidt om nogle af personerne.<\/p>\n<p>\nSl\u00e6gtshistorier og -billeder<\/p>\n<h3>Breve fra Anders Piil<\/h3>\n<p>\t\t\t\t\t\t\t\t\t\t<img decoding=\"async\" width=\"300\" height=\"215\" src=\"http:\/\/piil.org\/fam\/files\/2021\/01\/thetis-300x215.jpg\" alt=\"\" loading=\"lazy\" srcset=\"http:\/\/piil.org\/fam\/files\/2021\/01\/thetis-300x215.jpg 300w, http:\/\/piil.org\/fam\/files\/2021\/01\/thetis-100x72.jpg 100w, http:\/\/piil.org\/fam\/files\/2021\/01\/thetis-150x107.jpg 150w, http:\/\/piil.org\/fam\/files\/2021\/01\/thetis-200x143.jpg 200w, http:\/\/piil.org\/fam\/files\/2021\/01\/thetis-450x322.jpg 450w, http:\/\/piil.org\/fam\/files\/2021\/01\/thetis-600x429.jpg 600w, http:\/\/piil.org\/fam\/files\/2021\/01\/thetis.jpg 650w\" sizes=\"auto, (max-width: 300px) 100vw, 300px\" \/>\t\t\t\t\t\t\t\t\t\t\t<\/p>\n<p>I mappen l\u00e5 der ogs\u00e5 nogle gamle breve fra min tip-oldefar til min oldefar. Min tip-oldefar Anders Piil, var kaptajn og partsredder p\u00e5 skonnertbriggen \u201cThetis af Troense\u201d, og brevene er fra de steder, hvor skibet l\u00e5 i havn. Det er interessant l\u00e6sning, selvom tonen virker fjern fra breve i vore dage.<\/p>\n<p>L\u00e6s brevene her<\/p>\n<h3>Sl\u00e6gtsdata \u2013 anetr\u00e6<\/h3>\n<p>Du kan her finde oplysninger om alle personer jeg har fundet, der har en eller anden sl\u00e6gtsm\u00e6ssig relation til mig. PT. har jeg 181 personer i systemet, jeg arbejder p\u00e5 at f\u00e5 det udvidet.<\/p>\n<p><a href=\"http:\/\/piil.org\/piil\" rel=\"noopener\" target=\"_blank\">Mine sl\u00e6gtsdata<\/a>\t\t<\/p>\n<figure>\n\t\t\t\t\t\t\t\t\t\t<img decoding=\"async\" width=\"232\" height=\"300\" src=\"http:\/\/piil.org\/fam\/files\/2021\/01\/19980803_G_JENS_OG_KATHINKA_M._B_RN-232x300.jpg\" alt=\"\" loading=\"lazy\" srcset=\"http:\/\/piil.org\/fam\/files\/2021\/01\/19980803_G_JENS_OG_KATHINKA_M._B_RN-232x300.jpg 232w, http:\/\/piil.org\/fam\/files\/2021\/01\/19980803_G_JENS_OG_KATHINKA_M._B_RN-100x129.jpg 100w, http:\/\/piil.org\/fam\/files\/2021\/01\/19980803_G_JENS_OG_KATHINKA_M._B_RN-150x194.jpg 150w, http:\/\/piil.org\/fam\/files\/2021\/01\/19980803_G_JENS_OG_KATHINKA_M._B_RN-200x258.jpg 200w, http:\/\/piil.org\/fam\/files\/2021\/01\/19980803_G_JENS_OG_KATHINKA_M._B_RN-300x388.jpg 300w, http:\/\/piil.org\/fam\/files\/2021\/01\/19980803_G_JENS_OG_KATHINKA_M._B_RN-450x582.jpg 450w, http:\/\/piil.org\/fam\/files\/2021\/01\/19980803_G_JENS_OG_KATHINKA_M._B_RN-600x775.jpg 600w, http:\/\/piil.org\/fam\/files\/2021\/01\/19980803_G_JENS_OG_KATHINKA_M._B_RN.jpg 619w\" sizes=\"auto, (max-width: 232px) 100vw, 232px\" \/><figcaption>Jens Piil m. Familie ca 1903<\/figcaption><\/figure>\n<p>\t\t<iframe loading=\"lazy\" title=\"5. oktober 1941\" width=\"605\" height=\"454\" src=\"https:\/\/www.youtube.com\/embed\/BCP1gZcHOEI?feature=oembed\" frameborder=\"0\" allow=\"accelerometer; autoplay; clipboard-write; encrypted-media; gyroscope; picture-in-picture; web-share\" referrerpolicy=\"strict-origin-when-cross-origin\" allowfullscreen><\/iframe><\/p>\n","protected":false},"excerpt":{"rendered":"<p>Jeg begyndte at interessere mig for sl\u00e6gtsforskning, da min farfars s\u00f8ster Sigrid J\u00f8rlund d\u00f8de. Hun efterlod &hellip;<\/p>\n<p class=\"read-more\"> <a class=\"more-link\" href=\"https:\/\/piil.org\/fam\/\"> <span class=\"screen-reader-text\">Sl\u00e6gtsforskning<\/span> Read more \u2192<\/a><\/p>\n","protected":false},"author":1,"featured_media":0,"parent":0,"menu_order":0,"comment_status":"closed","ping_status":"closed","template":"full-width-page.php","meta":{"footnotes":""},"class_list":["post-49","page","type-page","status-publish","hentry"],"_links":{"self":[{"href":"https:\/\/piil.org\/fam\/wp-json\/wp\/v2\/pages\/49","targetHints":{"allow":["GET"]}}],"collection":[{"href":"https:\/\/piil.org\/fam\/wp-json\/wp\/v2\/pages"}],"about":[{"href":"https:\/\/piil.org\/fam\/wp-json\/wp\/v2\/types\/page"}],"author":[{"embeddable":true,"href":"https:\/\/piil.org\/fam\/wp-json\/wp\/v2\/users\/1"}],"replies":[{"embeddable":true,"href":"https:\/\/piil.org\/fam\/wp-json\/wp\/v2\/comments?post=49"}],"version-history":[{"count":39,"href":"https:\/\/piil.org\/fam\/wp-json\/wp\/v2\/pages\/49\/revisions"}],"predecessor-version":[{"id":103,"href":"https:\/\/piil.org\/fam\/wp-json\/wp\/v2\/pages\/49\/revisions\/103"}],"wp:attachment":[{"href":"https:\/\/piil.org\/fam\/wp-json\/wp\/v2\/media?parent=49"}],"curies":[{"name":"wp","href":"https:\/\/api.w.org\/{rel}","templated":true}]}}